{"id":515,"date":"2017-05-03T13:36:52","date_gmt":"2017-05-03T13:36:52","guid":{"rendered":"https:\/\/www.clarabognaturereserve.ie\/tabhair-cuairt-ar\/"},"modified":"2026-04-23T13:47:18","modified_gmt":"2026-04-23T13:47:18","slug":"tabhair-cuairt-ar","status":"publish","type":"page","link":"https:\/\/www.clarabognaturereserve.ie\/ga\/tabhair-cuairt-ar\/","title":{"rendered":"Tabhair cuairt ar"},"content":{"rendered":"\n<p>Bain an leas is fearr as do chuairt ar an Anaclann D\u00falra agus seas ag Ionad Cuairteoir\u00ed Phortach Chl\u00f3irthigh, at\u00e1 lonnaithe i mbaile Chl\u00f3irthigh.<\/p>\n\n\n\n<p>Ar an traein:&nbsp; T\u00e1 an tIonad Cuairteoir\u00ed 5 n\u00f3im\u00e9ad si\u00fail \u00f3 st\u00e1isi\u00fan traenach Chl\u00f3irthigh.&nbsp; F\u00e9ach ar irishrail.ie chun amchl\u00e1ir cothrom le d\u00e1ta a fh\u00e1il.<\/p>\n\n\n\n<p>Ar an mbus: T\u00e1 amchl\u00e1r bhus 840 Beannchar go Tulach Mh\u00f3r le f\u00e1il anseo. <a href=\"https:\/\/www.transportforireland.ie\/wp-content\/uploads\/2023\/12\/840-Banagher-to-Tullamore-4pp-04Dec23-ONLINE.pdf\">here<\/a>.<\/p>\n\n\n\n<p>Sa charr: N\u00edl muid ach 10 n\u00f3im\u00e9ad \u00f3 Bhealach Amach 6 ar mh\u00f3tarbhealach an M6. N\u00edl muid ach 10 n\u00f3im\u00e9ad freisin as Cill Bheag\u00e1in, Tulach Mh\u00f3r agus Baile \u00c1tha Luain. Is f\u00e9idir p\u00e1irce\u00e1il saor in aisce ag an Ionad Cuairteoir\u00ed, agus t\u00e1 p\u00e1irce\u00e1il do bhusanna ar f\u00e1il ach \u00ed a iarraidh. Tabhair ar aird go nd\u00fanann carrchl\u00f3s an ionaid ag 5pm \u00f3 Luan go hAoine.<\/p>\n\n\n\n<p>T\u00e1 Anaclann D\u00falra agus Cl\u00e1rchos\u00e1n Phortach Chl\u00f3irthigh 1.5 km \u00f3n Ionad Cuairteoir\u00ed, ar Bh\u00f3thar Chl\u00f3irthigh \u2013 Raithin. Is f\u00e9idir an bealach a dh\u00e9anamh chuig an Anaclann D\u00falra i gcarr n\u00f3 de shi\u00fal na gcos \u00f3n Ionad Cuairteoir\u00ed. T\u00e1 p\u00e1irce\u00e1il theoranta ar f\u00e1il ag pr\u00edomhbhealach isteach an chl\u00e1rchos\u00e1in.<\/p>\n\n\n\n<p>B\u00edonn an cl\u00e1rchos\u00e1n agus na cos\u00e1in in Anaclann D\u00falra Phortach Chl\u00f3irthigh oscailte i gc\u00f3na\u00ed don phobal, mura luaitear a mhalairt. F\u00e9ach amanna oscailte Ionad Cuairteoir\u00ed Phortach Chl\u00f3irthigh th\u00edos. T\u00e1 saorchead isteach san Ionad Cuairteoir\u00ed agus san Anaclann D\u00falra. Iarraimid ar ghr\u00fapa\u00ed a n-\u00e1iteanna a chur in \u00e1irithe roimh r\u00e9. T\u00e1 cuairteanna oideachais ar f\u00e1il do ghr\u00fapa\u00ed scoile agus do ghr\u00fapa\u00ed sainleasa.&nbsp; Chun \u00e1irithint\u00ed agus fiosruithe a dh\u00e9anamh, seol r\u00edomhphost chuig claraguides@npws.gov.ie<\/p>\n\n\n\n<div class=\"wp-block-columns is-layout-flex wp-container-core-columns-is-layout-9d6595d7 wp-block-columns-is-layout-flex\">\n<div class=\"wp-block-column is-layout-flow wp-block-column-is-layout-flow\">\n<p><strong>Uaireanta Oscailte an Ionaid Cuairteoir\u00ed:<\/strong><br>D\u00e9 Luain<br>D\u00e9 M\u00e1irt<br>D\u00e9 C\u00e9adaoin<br>D\u00e9ardaoin<br>D\u00e9 hAoine<br>D\u00e9 Sathairn<br>D\u00e9 Domhnaigh<br>L\u00e1 Saoire Bainc<\/p>\n<\/div>\n\n\n\n<div class=\"wp-block-column is-layout-flow wp-block-column-is-layout-flow\">\n<p><br>10:00 \u2013 17:00<br>10:00 \u2013 13:00,&nbsp;14:00 \u2013 17:00&nbsp;<br>10:00 \u2013 17:00<br>10:00 \u2013 13:00, 14:00 \u2013 17:00<br>10:00 \u2013 17:00<br>D\u00fanta<br>D\u00fanta<br>D\u00fanta<\/p>\n<\/div>\n<\/div>\n\n\n\n<p>R35 T621<br>Poblacht na h\u00c9ireann<br>Teileaf\u00f3n: +353 57 9368878<br>R\u00edomhphost: <a href=\"mailto:claraguides@npws.gov.ie\">claraguides@npws.gov.ie<\/a><\/p>\n\n\n\n<p><\/p>\n","protected":false},"excerpt":{"rendered":"<p>Bain an leas is fearr as do chuairt ar an Anaclann D\u00falra agus seas ag Ionad Cuairteoir\u00ed Phortach Chl\u00f3irthigh, at\u00e1 lonnaithe i mbaile Chl\u00f3irthigh. Ar an traein:&nbsp; T\u00e1 an tIonad Cuairteoir\u00ed 5 n\u00f3im\u00e9ad si\u00fail \u00f3 st\u00e1isi\u00fan traenach Chl\u00f3irthigh.&nbsp; F\u00e9ach ar irishrail.ie chun amchl\u00e1ir cothrom le d\u00e1ta a fh\u00e1il. Ar an mbus: T\u00e1 amchl\u00e1r bhus 840&#8230; <\/p>\n","protected":false},"author":7,"featured_media":479,"parent":0,"menu_order":0,"comment_status":"closed","ping_status":"closed","template":"full-width.php","meta":{"footnotes":""},"class_list":["post-515","page","type-page","status-publish","has-post-thumbnail","hentry"],"yoast_head":"<!-- This site is optimized with the Yoast SEO plugin v27.5 - https:\/\/yoast.com\/product\/yoast-seo-wordpress\/ -->\n<title>Tabhair cuairt ar - Anaclann D\u00falra Phortach Chl\u00f3irthigh<\/title>\n<meta name=\"robots\" content=\"index, follow, max-snippet:-1, max-image-preview:large, max-video-preview:-1\" \/>\n<link rel=\"canonical\" href=\"https:\/\/www.clarabognaturereserve.ie\/ga\/tabhair-cuairt-ar\/\" \/>\n<meta property=\"og:locale\" content=\"ga_IE\" \/>\n<meta property=\"og:type\" content=\"article\" \/>\n<meta property=\"og:title\" content=\"Tabhair cuairt ar - Anaclann D\u00falra Phortach Chl\u00f3irthigh\" \/>\n<meta property=\"og:description\" content=\"Bain an leas is fearr as do chuairt ar an Anaclann D\u00falra agus seas ag Ionad Cuairteoir\u00ed Phortach Chl\u00f3irthigh, at\u00e1 lonnaithe i mbaile Chl\u00f3irthigh. Ar an traein:&nbsp; T\u00e1 an tIonad Cuairteoir\u00ed 5 n\u00f3im\u00e9ad si\u00fail \u00f3 st\u00e1isi\u00fan traenach Chl\u00f3irthigh.&nbsp; F\u00e9ach ar irishrail.ie chun amchl\u00e1ir cothrom le d\u00e1ta a fh\u00e1il. Ar an mbus: T\u00e1 amchl\u00e1r bhus 840...\" \/>\n<meta property=\"og:url\" content=\"https:\/\/www.clarabognaturereserve.ie\/ga\/tabhair-cuairt-ar\/\" \/>\n<meta property=\"og:site_name\" content=\"Anaclann D\u00falra Phortach Chl\u00f3irthigh\" \/>\n<meta property=\"article:publisher\" content=\"https:\/\/www.facebook.com\/ClaraBog\" \/>\n<meta property=\"article:modified_time\" content=\"2026-04-23T13:47:18+00:00\" \/>\n<meta property=\"og:image\" content=\"https:\/\/www.clarabognaturereserve.ie\/wp-content\/uploads\/2015\/07\/Hummocks-and-Pools.jpg\" \/>\n\t<meta property=\"og:image:width\" content=\"901\" \/>\n\t<meta property=\"og:image:height\" content=\"743\" \/>\n\t<meta property=\"og:image:type\" content=\"image\/jpeg\" \/>\n<meta name=\"twitter:card\" content=\"summary_large_image\" \/>\n<meta name=\"twitter:site\" content=\"@DeptHousingIRL\" \/>\n<meta name=\"twitter:label1\" content=\"Est. reading time\" \/>\n\t<meta name=\"twitter:data1\" content=\"2 minutes\" \/>\n<script type=\"application\/ld+json\" class=\"yoast-schema-graph\">{\"@context\":\"https:\\\/\\\/schema.org\",\"@graph\":[{\"@type\":\"WebPage\",\"@id\":\"https:\\\/\\\/www.clarabognaturereserve.ie\\\/ga\\\/tabhair-cuairt-ar\\\/\",\"url\":\"https:\\\/\\\/www.clarabognaturereserve.ie\\\/ga\\\/tabhair-cuairt-ar\\\/\",\"name\":\"Tabhair cuairt ar - Anaclann D\u00falra Phortach Chl\u00f3irthigh\",\"isPartOf\":{\"@id\":\"https:\\\/\\\/www.clarabognaturereserve.ie\\\/ga\\\/#website\"},\"primaryImageOfPage\":{\"@id\":\"https:\\\/\\\/www.clarabognaturereserve.ie\\\/ga\\\/tabhair-cuairt-ar\\\/#primaryimage\"},\"image\":{\"@id\":\"https:\\\/\\\/www.clarabognaturereserve.ie\\\/ga\\\/tabhair-cuairt-ar\\\/#primaryimage\"},\"thumbnailUrl\":\"https:\\\/\\\/www.clarabognaturereserve.ie\\\/wp-content\\\/uploads\\\/2015\\\/07\\\/Hummocks-and-Pools.jpg\",\"datePublished\":\"2017-05-03T13:36:52+00:00\",\"dateModified\":\"2026-04-23T13:47:18+00:00\",\"breadcrumb\":{\"@id\":\"https:\\\/\\\/www.clarabognaturereserve.ie\\\/ga\\\/tabhair-cuairt-ar\\\/#breadcrumb\"},\"inLanguage\":\"ga-IE\",\"potentialAction\":[{\"@type\":\"ReadAction\",\"target\":[\"https:\\\/\\\/www.clarabognaturereserve.ie\\\/ga\\\/tabhair-cuairt-ar\\\/\"]}]},{\"@type\":\"ImageObject\",\"inLanguage\":\"ga-IE\",\"@id\":\"https:\\\/\\\/www.clarabognaturereserve.ie\\\/ga\\\/tabhair-cuairt-ar\\\/#primaryimage\",\"url\":\"https:\\\/\\\/www.clarabognaturereserve.ie\\\/wp-content\\\/uploads\\\/2015\\\/07\\\/Hummocks-and-Pools.jpg\",\"contentUrl\":\"https:\\\/\\\/www.clarabognaturereserve.ie\\\/wp-content\\\/uploads\\\/2015\\\/07\\\/Hummocks-and-Pools.jpg\",\"width\":901,\"height\":743},{\"@type\":\"BreadcrumbList\",\"@id\":\"https:\\\/\\\/www.clarabognaturereserve.ie\\\/ga\\\/tabhair-cuairt-ar\\\/#breadcrumb\",\"itemListElement\":[{\"@type\":\"ListItem\",\"position\":1,\"name\":\"Home\",\"item\":\"https:\\\/\\\/www.clarabognaturereserve.ie\\\/ga\\\/\"},{\"@type\":\"ListItem\",\"position\":2,\"name\":\"Tabhair cuairt ar\"}]},{\"@type\":\"WebSite\",\"@id\":\"https:\\\/\\\/www.clarabognaturereserve.ie\\\/ga\\\/#website\",\"url\":\"https:\\\/\\\/www.clarabognaturereserve.ie\\\/ga\\\/\",\"name\":\"Anaclann D\u00falra Phortach Chl\u00f3irthigh\",\"description\":\"\",\"potentialAction\":[{\"@type\":\"SearchAction\",\"target\":{\"@type\":\"EntryPoint\",\"urlTemplate\":\"https:\\\/\\\/www.clarabognaturereserve.ie\\\/ga\\\/?s={search_term_string}\"},\"query-input\":{\"@type\":\"PropertyValueSpecification\",\"valueRequired\":true,\"valueName\":\"search_term_string\"}}],\"inLanguage\":\"ga-IE\"}]}<\/script>\n<!-- \/ Yoast SEO plugin. -->","yoast_head_json":{"title":"Tabhair cuairt ar - Anaclann D\u00falra Phortach Chl\u00f3irthigh","robots":{"index":"index","follow":"follow","max-snippet":"max-snippet:-1","max-image-preview":"max-image-preview:large","max-video-preview":"max-video-preview:-1"},"canonical":"https:\/\/www.clarabognaturereserve.ie\/ga\/tabhair-cuairt-ar\/","og_locale":"ga_IE","og_type":"article","og_title":"Tabhair cuairt ar - Anaclann D\u00falra Phortach Chl\u00f3irthigh","og_description":"Bain an leas is fearr as do chuairt ar an Anaclann D\u00falra agus seas ag Ionad Cuairteoir\u00ed Phortach Chl\u00f3irthigh, at\u00e1 lonnaithe i mbaile Chl\u00f3irthigh. Ar an traein:&nbsp; T\u00e1 an tIonad Cuairteoir\u00ed 5 n\u00f3im\u00e9ad si\u00fail \u00f3 st\u00e1isi\u00fan traenach Chl\u00f3irthigh.&nbsp; F\u00e9ach ar irishrail.ie chun amchl\u00e1ir cothrom le d\u00e1ta a fh\u00e1il. Ar an mbus: T\u00e1 amchl\u00e1r bhus 840...","og_url":"https:\/\/www.clarabognaturereserve.ie\/ga\/tabhair-cuairt-ar\/","og_site_name":"Anaclann D\u00falra Phortach Chl\u00f3irthigh","article_publisher":"https:\/\/www.facebook.com\/ClaraBog","article_modified_time":"2026-04-23T13:47:18+00:00","og_image":[{"width":901,"height":743,"url":"https:\/\/www.clarabognaturereserve.ie\/wp-content\/uploads\/2015\/07\/Hummocks-and-Pools.jpg","type":"image\/jpeg"}],"twitter_card":"summary_large_image","twitter_site":"@DeptHousingIRL","twitter_misc":{"Est. reading time":"2 minutes"},"schema":{"@context":"https:\/\/schema.org","@graph":[{"@type":"WebPage","@id":"https:\/\/www.clarabognaturereserve.ie\/ga\/tabhair-cuairt-ar\/","url":"https:\/\/www.clarabognaturereserve.ie\/ga\/tabhair-cuairt-ar\/","name":"Tabhair cuairt ar - Anaclann D\u00falra Phortach Chl\u00f3irthigh","isPartOf":{"@id":"https:\/\/www.clarabognaturereserve.ie\/ga\/#website"},"primaryImageOfPage":{"@id":"https:\/\/www.clarabognaturereserve.ie\/ga\/tabhair-cuairt-ar\/#primaryimage"},"image":{"@id":"https:\/\/www.clarabognaturereserve.ie\/ga\/tabhair-cuairt-ar\/#primaryimage"},"thumbnailUrl":"https:\/\/www.clarabognaturereserve.ie\/wp-content\/uploads\/2015\/07\/Hummocks-and-Pools.jpg","datePublished":"2017-05-03T13:36:52+00:00","dateModified":"2026-04-23T13:47:18+00:00","breadcrumb":{"@id":"https:\/\/www.clarabognaturereserve.ie\/ga\/tabhair-cuairt-ar\/#breadcrumb"},"inLanguage":"ga-IE","potentialAction":[{"@type":"ReadAction","target":["https:\/\/www.clarabognaturereserve.ie\/ga\/tabhair-cuairt-ar\/"]}]},{"@type":"ImageObject","inLanguage":"ga-IE","@id":"https:\/\/www.clarabognaturereserve.ie\/ga\/tabhair-cuairt-ar\/#primaryimage","url":"https:\/\/www.clarabognaturereserve.ie\/wp-content\/uploads\/2015\/07\/Hummocks-and-Pools.jpg","contentUrl":"https:\/\/www.clarabognaturereserve.ie\/wp-content\/uploads\/2015\/07\/Hummocks-and-Pools.jpg","width":901,"height":743},{"@type":"BreadcrumbList","@id":"https:\/\/www.clarabognaturereserve.ie\/ga\/tabhair-cuairt-ar\/#breadcrumb","itemListElement":[{"@type":"ListItem","position":1,"name":"Home","item":"https:\/\/www.clarabognaturereserve.ie\/ga\/"},{"@type":"ListItem","position":2,"name":"Tabhair cuairt ar"}]},{"@type":"WebSite","@id":"https:\/\/www.clarabognaturereserve.ie\/ga\/#website","url":"https:\/\/www.clarabognaturereserve.ie\/ga\/","name":"Anaclann D\u00falra Phortach Chl\u00f3irthigh","description":"","potentialAction":[{"@type":"SearchAction","target":{"@type":"EntryPoint","urlTemplate":"https:\/\/www.clarabognaturereserve.ie\/ga\/?s={search_term_string}"},"query-input":{"@type":"PropertyValueSpecification","valueRequired":true,"valueName":"search_term_string"}}],"inLanguage":"ga-IE"}]}},"jetpack_sharing_enabled":true,"_links":{"self":[{"href":"https:\/\/www.clarabognaturereserve.ie\/ga\/wp-json\/wp\/v2\/pages\/515","targetHints":{"allow":["GET"]}}],"collection":[{"href":"https:\/\/www.clarabognaturereserve.ie\/ga\/wp-json\/wp\/v2\/pages"}],"about":[{"href":"https:\/\/www.clarabognaturereserve.ie\/ga\/wp-json\/wp\/v2\/types\/page"}],"author":[{"embeddable":true,"href":"https:\/\/www.clarabognaturereserve.ie\/ga\/wp-json\/wp\/v2\/users\/7"}],"replies":[{"embeddable":true,"href":"https:\/\/www.clarabognaturereserve.ie\/ga\/wp-json\/wp\/v2\/comments?post=515"}],"version-history":[{"count":18,"href":"https:\/\/www.clarabognaturereserve.ie\/ga\/wp-json\/wp\/v2\/pages\/515\/revisions"}],"predecessor-version":[{"id":1322,"href":"https:\/\/www.clarabognaturereserve.ie\/ga\/wp-json\/wp\/v2\/pages\/515\/revisions\/1322"}],"wp:featuredmedia":[{"embeddable":true,"href":"https:\/\/www.clarabognaturereserve.ie\/ga\/wp-json\/wp\/v2\/media\/479"}],"wp:attachment":[{"href":"https:\/\/www.clarabognaturereserve.ie\/ga\/wp-json\/wp\/v2\/media?parent=515"}],"curies":[{"name":"wp","href":"https:\/\/api.w.org\/{rel}","templated":true}]}}