{"id":510,"date":"2015-02-03T15:32:36","date_gmt":"2015-02-03T15:32:36","guid":{"rendered":"https:\/\/www.clarabognaturereserve.ie\/eolas\/"},"modified":"2025-01-08T14:42:23","modified_gmt":"2025-01-08T14:42:23","slug":"eolas","status":"publish","type":"page","link":"https:\/\/www.clarabognaturereserve.ie\/ga\/eolas\/","title":{"rendered":"Eolas"},"content":{"rendered":"\n<p>T\u00e1 portach Chl\u00f3irthigh ar cheann de na sampla\u00ed is fearr at\u00e1 f\u00e1gtha de phortach ardaithe, at\u00e1 sl\u00e1n den chuid is m\u00f3, in Iarthar na hEorpa. T\u00e1 s\u00e9 r\u00e1ite gur f\u00e9idir leat deich m\u00edle bliain de stair a fheice\u00e1il sa deich gcilim\u00e9adar cearnach a chuims\u00edonn Portach Chl\u00f3irthigh agus an ceantar m\u00e1guaird. Tagra\u00edonn s\u00e9 seo don tionchar a bh\u00ed ag an Oighearaois dheireanach ar th\u00edrdhreach na h\u00c9ireann. \u00d3 thuaidh \u00f3n bportach, ritheann eiscir soir-siar. De r\u00e9ir mar a bh\u00ed na hoighearshruthanna ag c\u00fal\u00fa os cionn 10,000 bliain \u00f3 shin, leag siad eiscreacha, iomair\u00ed g\u00e9ara de shraitheanna gainimh agus gairbh\u00e9il. Chuir an eiscir seo bac ar dhraen\u00e1il an le\u00e1-uisce oighreach \u00f3n gceantar \u00edseal \u00f3 dheas de Chl\u00f3irtheach agus rinneadh loch m\u00f3r tana\u00ed as.<\/p>\n\n<div class=\"wp-block-columns is-layout-flex wp-container-core-columns-is-layout-9d6595d7 wp-block-columns-is-layout-flex\">\n<div class=\"wp-block-column is-layout-flow wp-block-column-is-layout-flow\" style=\"flex-basis:66.66%\">\n<p>Thosaigh planda\u00ed ag f\u00e1s timpeall ar imeall an locha agus le himeacht ama, leathnaigh na planda\u00ed seo amach os cionn an chuid is m\u00f3 de dhromchla an locha, agus \u00e9 \u00e1 l\u00edonadh isteach le h\u00e1bhar marbh planda\u00ed. De r\u00e9ir mar a d&#8217;fh\u00e1s an t-\u00e1bhar planda\u00ed leathlofa seo, ar a dtugtar m\u00f3in eanaigh, os cionn an tionchar a bh\u00ed ag screamhuisce saibhir mianra\u00ed n\u00f3 ag uisc\u00ed dromchla, fuair caonach m\u00f3na agus planda\u00ed eile, a bh\u00ed in ann a bheith faoi bhl\u00e1th i dtimpeallacht nach raibh m\u00f3r\u00e1n cothaitheach ann, agus a bhrath ar uisce b\u00e1ist\u00ed, an l\u00e1mh in uachtar. Bh\u00e1saigh an caonach m\u00f3na agus planda\u00ed eile, ach n\u00edor lobh siad mar nach raibh miocrorg\u00e1naigh san ithir in ann an fheidhm seo a chur i gcr\u00edch sa timpeallacht aig\u00e9adach, bh\u00e1ite, nach raibh m\u00f3r\u00e1n ocsaigin inti, agus charn an caonach marbh mar chaonach m\u00f3na. Leanann an pr\u00f3iseas seo, a thosaigh thart ar 7,000 bliain \u00f3 shin, go dt\u00ed an l\u00e1 at\u00e1 inniu ann. Ba sa l\u00e1r a tharla an carnadh m\u00f3na ba mh\u00f3 agus ba ar na himill ba l\u00fa a bh\u00ed s\u00e9, \u00e1it a raibh lobhadh an \u00e1bhair planda\u00ed n\u00edos tap\u00fala. Mar gheall air sin at\u00e1 cruth cruinneach\u00e1in ar an bportach, at\u00e1 ardaithe suas os cionn na tal\u00fan m\u00e1guaird. Is mar gheall air sin a thugtar portach ardaithe air.<\/p>\n\n\n\n<p>Cuims\u00edonn Portach Chl\u00f3irthigh sampla\u00ed bre\u00e1tha de thul\u00f3ga, loig, faich\u00ed, loch\u00e1in agus borrfh\u00e1is; ar comhph\u00e1irteanna tipici\u00fala iad ar fad de phortach ardaithe. I gCl\u00f3irtheach, is gn\u00e9 speisialta iad na maothch\u00f3rais, na limist\u00e9ir uisce oscailte agus spota\u00ed an-fhliucha, \u00e1it a bhfuil cothaithigh ar f\u00e1il agus d\u00e1 bhr\u00ed sin taca\u00edonn siad le saol planda\u00ed n\u00edos \u00e9ags\u00fala n\u00e1 mar at\u00e1 sa phortach m\u00e1guaird. B\u00edonn crainn ar an d\u00e1 thaobh de na h\u00e1iteanna seo uaireanta. Dh\u00e1 cheantar mar sin is ea an Loch Rua agus Loch Mhic Sheanlaoich.<\/p>\n<\/div>\n\n\n\n<div class=\"wp-block-column is-layout-flow wp-block-column-is-layout-flow\" style=\"flex-basis:33.33%\">\n<figure class=\"wp-block-image size-large\"><img loading=\"lazy\" decoding=\"async\" width=\"1024\" height=\"768\" src=\"https:\/\/www.clarabognaturereserve.ie\/wp-content\/uploads\/2015\/02\/Clara-Bog-Boardwalk-1024x768.jpg\" alt=\"Phortach Chl&#xF3;irthigh\" class=\"wp-image-134\" srcset=\"https:\/\/www.clarabognaturereserve.ie\/wp-content\/uploads\/2015\/02\/Clara-Bog-Boardwalk-1024x768.jpg 1024w, https:\/\/www.clarabognaturereserve.ie\/wp-content\/uploads\/2015\/02\/Clara-Bog-Boardwalk-300x225.jpg 300w, https:\/\/www.clarabognaturereserve.ie\/wp-content\/uploads\/2015\/02\/Clara-Bog-Boardwalk-768x576.jpg 768w\" sizes=\"auto, (max-width: 1024px) 100vw, 1024px\" \/><\/figure>\n<\/div>\n<\/div>\n","protected":false},"excerpt":{"rendered":"<p>T\u00e1 portach Chl\u00f3irthigh ar cheann de na sampla\u00ed is fearr at\u00e1 f\u00e1gtha de phortach ardaithe, at\u00e1 sl\u00e1n den chuid is m\u00f3, in Iarthar na hEorpa. T\u00e1 s\u00e9 r\u00e1ite gur f\u00e9idir leat deich m\u00edle bliain de stair a fheice\u00e1il sa deich gcilim\u00e9adar cearnach a chuims\u00edonn Portach Chl\u00f3irthigh agus an ceantar m\u00e1guaird. Tagra\u00edonn s\u00e9 seo don tionchar&#8230; <\/p>\n","protected":false},"author":7,"featured_media":0,"parent":0,"menu_order":16,"comment_status":"closed","ping_status":"closed","template":"full-width.php","meta":{"footnotes":""},"class_list":["post-510","page","type-page","status-publish","hentry"],"yoast_head":"<!-- This site is optimized with the Yoast SEO plugin v27.5 - https:\/\/yoast.com\/product\/yoast-seo-wordpress\/ -->\n<title>Eolas - Anaclann D\u00falra Phortach Chl\u00f3irthigh<\/title>\n<meta name=\"robots\" content=\"index, follow, max-snippet:-1, max-image-preview:large, max-video-preview:-1\" \/>\n<link rel=\"canonical\" href=\"https:\/\/www.clarabognaturereserve.ie\/ga\/eolas\/\" \/>\n<meta property=\"og:locale\" content=\"ga_IE\" \/>\n<meta property=\"og:type\" content=\"article\" \/>\n<meta property=\"og:title\" content=\"Eolas - Anaclann D\u00falra Phortach Chl\u00f3irthigh\" \/>\n<meta property=\"og:description\" content=\"T\u00e1 portach Chl\u00f3irthigh ar cheann de na sampla\u00ed is fearr at\u00e1 f\u00e1gtha de phortach ardaithe, at\u00e1 sl\u00e1n den chuid is m\u00f3, in Iarthar na hEorpa. T\u00e1 s\u00e9 r\u00e1ite gur f\u00e9idir leat deich m\u00edle bliain de stair a fheice\u00e1il sa deich gcilim\u00e9adar cearnach a chuims\u00edonn Portach Chl\u00f3irthigh agus an ceantar m\u00e1guaird. Tagra\u00edonn s\u00e9 seo don tionchar...\" \/>\n<meta property=\"og:url\" content=\"https:\/\/www.clarabognaturereserve.ie\/ga\/eolas\/\" \/>\n<meta property=\"og:site_name\" content=\"Anaclann D\u00falra Phortach Chl\u00f3irthigh\" \/>\n<meta property=\"article:publisher\" content=\"https:\/\/www.facebook.com\/ClaraBog\" \/>\n<meta property=\"article:modified_time\" content=\"2025-01-08T14:42:23+00:00\" \/>\n<meta property=\"og:image\" content=\"https:\/\/www.clarabognaturereserve.ie\/wp-content\/uploads\/2015\/02\/Clara-Bog-Boardwalk-1024x768.jpg\" \/>\n\t<meta property=\"og:image:width\" content=\"1024\" \/>\n\t<meta property=\"og:image:height\" content=\"768\" \/>\n\t<meta property=\"og:image:type\" content=\"image\/jpeg\" \/>\n<meta name=\"twitter:card\" content=\"summary_large_image\" \/>\n<meta name=\"twitter:site\" content=\"@DeptHousingIRL\" \/>\n<meta name=\"twitter:label1\" content=\"Est. reading time\" \/>\n\t<meta name=\"twitter:data1\" content=\"2 minutes\" \/>\n<script type=\"application\/ld+json\" class=\"yoast-schema-graph\">{\"@context\":\"https:\\\/\\\/schema.org\",\"@graph\":[{\"@type\":\"WebPage\",\"@id\":\"https:\\\/\\\/www.clarabognaturereserve.ie\\\/ga\\\/eolas\\\/\",\"url\":\"https:\\\/\\\/www.clarabognaturereserve.ie\\\/ga\\\/eolas\\\/\",\"name\":\"Eolas - Anaclann D\u00falra Phortach Chl\u00f3irthigh\",\"isPartOf\":{\"@id\":\"https:\\\/\\\/www.clarabognaturereserve.ie\\\/ga\\\/#website\"},\"primaryImageOfPage\":{\"@id\":\"https:\\\/\\\/www.clarabognaturereserve.ie\\\/ga\\\/eolas\\\/#primaryimage\"},\"image\":{\"@id\":\"https:\\\/\\\/www.clarabognaturereserve.ie\\\/ga\\\/eolas\\\/#primaryimage\"},\"thumbnailUrl\":\"https:\\\/\\\/www.clarabognaturereserve.ie\\\/wp-content\\\/uploads\\\/2015\\\/02\\\/Clara-Bog-Boardwalk-1024x768.jpg\",\"datePublished\":\"2015-02-03T15:32:36+00:00\",\"dateModified\":\"2025-01-08T14:42:23+00:00\",\"breadcrumb\":{\"@id\":\"https:\\\/\\\/www.clarabognaturereserve.ie\\\/ga\\\/eolas\\\/#breadcrumb\"},\"inLanguage\":\"ga-IE\",\"potentialAction\":[{\"@type\":\"ReadAction\",\"target\":[\"https:\\\/\\\/www.clarabognaturereserve.ie\\\/ga\\\/eolas\\\/\"]}]},{\"@type\":\"ImageObject\",\"inLanguage\":\"ga-IE\",\"@id\":\"https:\\\/\\\/www.clarabognaturereserve.ie\\\/ga\\\/eolas\\\/#primaryimage\",\"url\":\"https:\\\/\\\/www.clarabognaturereserve.ie\\\/wp-content\\\/uploads\\\/2015\\\/02\\\/Clara-Bog-Boardwalk-1024x768.jpg\",\"contentUrl\":\"https:\\\/\\\/www.clarabognaturereserve.ie\\\/wp-content\\\/uploads\\\/2015\\\/02\\\/Clara-Bog-Boardwalk-1024x768.jpg\"},{\"@type\":\"BreadcrumbList\",\"@id\":\"https:\\\/\\\/www.clarabognaturereserve.ie\\\/ga\\\/eolas\\\/#breadcrumb\",\"itemListElement\":[{\"@type\":\"ListItem\",\"position\":1,\"name\":\"Home\",\"item\":\"https:\\\/\\\/www.clarabognaturereserve.ie\\\/ga\\\/\"},{\"@type\":\"ListItem\",\"position\":2,\"name\":\"Eolas\"}]},{\"@type\":\"WebSite\",\"@id\":\"https:\\\/\\\/www.clarabognaturereserve.ie\\\/ga\\\/#website\",\"url\":\"https:\\\/\\\/www.clarabognaturereserve.ie\\\/ga\\\/\",\"name\":\"Anaclann D\u00falra Phortach Chl\u00f3irthigh\",\"description\":\"\",\"potentialAction\":[{\"@type\":\"SearchAction\",\"target\":{\"@type\":\"EntryPoint\",\"urlTemplate\":\"https:\\\/\\\/www.clarabognaturereserve.ie\\\/ga\\\/?s={search_term_string}\"},\"query-input\":{\"@type\":\"PropertyValueSpecification\",\"valueRequired\":true,\"valueName\":\"search_term_string\"}}],\"inLanguage\":\"ga-IE\"}]}<\/script>\n<!-- \/ Yoast SEO plugin. -->","yoast_head_json":{"title":"Eolas - Anaclann D\u00falra Phortach Chl\u00f3irthigh","robots":{"index":"index","follow":"follow","max-snippet":"max-snippet:-1","max-image-preview":"max-image-preview:large","max-video-preview":"max-video-preview:-1"},"canonical":"https:\/\/www.clarabognaturereserve.ie\/ga\/eolas\/","og_locale":"ga_IE","og_type":"article","og_title":"Eolas - Anaclann D\u00falra Phortach Chl\u00f3irthigh","og_description":"T\u00e1 portach Chl\u00f3irthigh ar cheann de na sampla\u00ed is fearr at\u00e1 f\u00e1gtha de phortach ardaithe, at\u00e1 sl\u00e1n den chuid is m\u00f3, in Iarthar na hEorpa. T\u00e1 s\u00e9 r\u00e1ite gur f\u00e9idir leat deich m\u00edle bliain de stair a fheice\u00e1il sa deich gcilim\u00e9adar cearnach a chuims\u00edonn Portach Chl\u00f3irthigh agus an ceantar m\u00e1guaird. Tagra\u00edonn s\u00e9 seo don tionchar...","og_url":"https:\/\/www.clarabognaturereserve.ie\/ga\/eolas\/","og_site_name":"Anaclann D\u00falra Phortach Chl\u00f3irthigh","article_publisher":"https:\/\/www.facebook.com\/ClaraBog","article_modified_time":"2025-01-08T14:42:23+00:00","og_image":[{"width":1024,"height":768,"url":"https:\/\/www.clarabognaturereserve.ie\/wp-content\/uploads\/2015\/02\/Clara-Bog-Boardwalk-1024x768.jpg","type":"image\/jpeg"}],"twitter_card":"summary_large_image","twitter_site":"@DeptHousingIRL","twitter_misc":{"Est. reading time":"2 minutes"},"schema":{"@context":"https:\/\/schema.org","@graph":[{"@type":"WebPage","@id":"https:\/\/www.clarabognaturereserve.ie\/ga\/eolas\/","url":"https:\/\/www.clarabognaturereserve.ie\/ga\/eolas\/","name":"Eolas - Anaclann D\u00falra Phortach Chl\u00f3irthigh","isPartOf":{"@id":"https:\/\/www.clarabognaturereserve.ie\/ga\/#website"},"primaryImageOfPage":{"@id":"https:\/\/www.clarabognaturereserve.ie\/ga\/eolas\/#primaryimage"},"image":{"@id":"https:\/\/www.clarabognaturereserve.ie\/ga\/eolas\/#primaryimage"},"thumbnailUrl":"https:\/\/www.clarabognaturereserve.ie\/wp-content\/uploads\/2015\/02\/Clara-Bog-Boardwalk-1024x768.jpg","datePublished":"2015-02-03T15:32:36+00:00","dateModified":"2025-01-08T14:42:23+00:00","breadcrumb":{"@id":"https:\/\/www.clarabognaturereserve.ie\/ga\/eolas\/#breadcrumb"},"inLanguage":"ga-IE","potentialAction":[{"@type":"ReadAction","target":["https:\/\/www.clarabognaturereserve.ie\/ga\/eolas\/"]}]},{"@type":"ImageObject","inLanguage":"ga-IE","@id":"https:\/\/www.clarabognaturereserve.ie\/ga\/eolas\/#primaryimage","url":"https:\/\/www.clarabognaturereserve.ie\/wp-content\/uploads\/2015\/02\/Clara-Bog-Boardwalk-1024x768.jpg","contentUrl":"https:\/\/www.clarabognaturereserve.ie\/wp-content\/uploads\/2015\/02\/Clara-Bog-Boardwalk-1024x768.jpg"},{"@type":"BreadcrumbList","@id":"https:\/\/www.clarabognaturereserve.ie\/ga\/eolas\/#breadcrumb","itemListElement":[{"@type":"ListItem","position":1,"name":"Home","item":"https:\/\/www.clarabognaturereserve.ie\/ga\/"},{"@type":"ListItem","position":2,"name":"Eolas"}]},{"@type":"WebSite","@id":"https:\/\/www.clarabognaturereserve.ie\/ga\/#website","url":"https:\/\/www.clarabognaturereserve.ie\/ga\/","name":"Anaclann D\u00falra Phortach Chl\u00f3irthigh","description":"","potentialAction":[{"@type":"SearchAction","target":{"@type":"EntryPoint","urlTemplate":"https:\/\/www.clarabognaturereserve.ie\/ga\/?s={search_term_string}"},"query-input":{"@type":"PropertyValueSpecification","valueRequired":true,"valueName":"search_term_string"}}],"inLanguage":"ga-IE"}]}},"jetpack_sharing_enabled":true,"_links":{"self":[{"href":"https:\/\/www.clarabognaturereserve.ie\/ga\/wp-json\/wp\/v2\/pages\/510","targetHints":{"allow":["GET"]}}],"collection":[{"href":"https:\/\/www.clarabognaturereserve.ie\/ga\/wp-json\/wp\/v2\/pages"}],"about":[{"href":"https:\/\/www.clarabognaturereserve.ie\/ga\/wp-json\/wp\/v2\/types\/page"}],"author":[{"embeddable":true,"href":"https:\/\/www.clarabognaturereserve.ie\/ga\/wp-json\/wp\/v2\/users\/7"}],"replies":[{"embeddable":true,"href":"https:\/\/www.clarabognaturereserve.ie\/ga\/wp-json\/wp\/v2\/comments?post=510"}],"version-history":[{"count":2,"href":"https:\/\/www.clarabognaturereserve.ie\/ga\/wp-json\/wp\/v2\/pages\/510\/revisions"}],"predecessor-version":[{"id":663,"href":"https:\/\/www.clarabognaturereserve.ie\/ga\/wp-json\/wp\/v2\/pages\/510\/revisions\/663"}],"wp:attachment":[{"href":"https:\/\/www.clarabognaturereserve.ie\/ga\/wp-json\/wp\/v2\/media?parent=510"}],"curies":[{"name":"wp","href":"https:\/\/api.w.org\/{rel}","templated":true}]}}